{"id":88,"date":"2018-10-03T17:31:42","date_gmt":"2018-10-03T15:31:42","guid":{"rendered":"https:\/\/www.lichternacht-ulm.de\/public_html\/?page_id=88"},"modified":"2023-05-19T18:08:55","modified_gmt":"2023-05-19T16:08:55","slug":"fahrt-nach-taize","status":"publish","type":"page","link":"https:\/\/www.lichternacht-ulm.de\/public_html\/fahrt-nach-taize\/","title":{"rendered":"Fahrt nach Taiz\u00e9"},"content":{"rendered":"<p><strong>Fahrt nach Taiz\u00e9<\/strong><\/p>\n<p>Besonders im Sommer fahren immer wieder Gruppen und Einzelpersonen nach Taiz\u00e9. Fragt doch einfach an.<\/p>\n<p>Wenn keine andere Gruppe f\u00e4hrt&#8230;: Jedes Wochenende f\u00e4hrt ein Bus von <a href=\"http:\/\/www.regenbogen-tourservice.de\/taize\/preise-fahrtmoeglichkeiten.html\">Regenbogen Tours<\/a> ab Karlsruhe. Als Gruppe lohnt es sich auf jeden Fall anzufragen, ob der Bus &#8222;zuf\u00e4llig&#8220; schon ab Ulm f\u00e4hrt.<\/p>\n<p><strong>Europ\u00e4isches Jugendtreffen von Taiz\u00e9 zum Jahreswechsel<\/strong><\/p>\n<p>Immer zum Jahreswechsel findet ein gro\u00dfes europ\u00e4siches Jugendtreffen von Taiz\u00e9 in einer europ\u00e4ischen Stadt statt. Auch ab Ulm f\u00e4hrt ein Bus dorthin. Dort wird privat oder in einem Gemeinschaftsquartier \u00fcbernachtet, den Vormittag verbringt man in der Regel in der gastgebenden Gemeinde, den Nachmittag an einem zentralen Platz wie dem Messegel\u00e4nde.<\/p>\n<p>Das n\u00e4chste europ\u00e4ische Jugendtreffen von Taiz\u00e9 findet vom 28. Dezember 2023 bis 1. Januar 2024 in Ljubljana in Slowenien statt. Wer dorthin ab Ulm fahren m\u00f6chte meldet sich doch bitte bei info@lichternacht-ulm.de.<\/p>\n<p>Weitere Informationen zum Treffen hier:<br \/>\n<a href=\"http:\/\/www.taize.fr\/de_article15422.html\">http:\/\/www.taize.fr\/de_article15422.html<\/a><\/p>\n<p>Vielleicht f\u00e4hrt dieses Jahr wieder eine Gruppe dorthin&#8230;. Bei Interesse: eine kurze e-mail lohnt sich&#8230;.\u00a0\u00a0\u00a0 <a href=\"mailto:info@lichternacht-ulm.de\">info@lichternacht-ulm.de<\/a><\/p>\n","protected":false},"excerpt":{"rendered":"<p>Fahrt nach Taiz\u00e9 Besonders im Sommer fahren immer wieder Gruppen und Einzelpersonen nach Taiz\u00e9. Fragt doch einfach an. Wenn keine andere Gruppe f\u00e4hrt&#8230;: Jedes Wochenende f\u00e4hrt ein Bus von Regenbogen Tours ab Karlsruhe. Als Gruppe lohnt es sich auf jeden Fall anzufragen, ob der Bus &#8222;zuf\u00e4llig&#8220; schon ab Ulm f\u00e4hrt. Europ\u00e4isches Jugendtreffen von Taiz\u00e9 zum &hellip; <\/p>\n<p class=\"link-more\"><a href=\"https:\/\/www.lichternacht-ulm.de\/public_html\/fahrt-nach-taize\/\" class=\"more-link\"><span class=\"screen-reader-text\">\u201eFahrt nach Taiz\u00e9\u201c<\/span> weiterlesen<\/a><\/p>\n","protected":false},"author":1,"featured_media":0,"parent":0,"menu_order":0,"comment_status":"closed","ping_status":"closed","template":"","meta":{"footnotes":""},"class_list":["post-88","page","type-page","status-publish","hentry"],"_links":{"self":[{"href":"https:\/\/www.lichternacht-ulm.de\/public_html\/wp-json\/wp\/v2\/pages\/88","targetHints":{"allow":["GET"]}}],"collection":[{"href":"https:\/\/www.lichternacht-ulm.de\/public_html\/wp-json\/wp\/v2\/pages"}],"about":[{"href":"https:\/\/www.lichternacht-ulm.de\/public_html\/wp-json\/wp\/v2\/types\/page"}],"author":[{"embeddable":true,"href":"https:\/\/www.lichternacht-ulm.de\/public_html\/wp-json\/wp\/v2\/users\/1"}],"replies":[{"embeddable":true,"href":"https:\/\/www.lichternacht-ulm.de\/public_html\/wp-json\/wp\/v2\/comments?post=88"}],"version-history":[{"count":5,"href":"https:\/\/www.lichternacht-ulm.de\/public_html\/wp-json\/wp\/v2\/pages\/88\/revisions"}],"predecessor-version":[{"id":566,"href":"https:\/\/www.lichternacht-ulm.de\/public_html\/wp-json\/wp\/v2\/pages\/88\/revisions\/566"}],"wp:attachment":[{"href":"https:\/\/www.lichternacht-ulm.de\/public_html\/wp-json\/wp\/v2\/media?parent=88"}],"curies":[{"name":"wp","href":"https:\/\/api.w.org\/{rel}","templated":true}]}}